{"id":673,"date":"2018-06-08T16:27:41","date_gmt":"2018-06-08T14:27:41","guid":{"rendered":"http:\/\/www.viewpoint-europe.com\/data-protection\/"},"modified":"2025-03-25T10:01:21","modified_gmt":"2025-03-25T09:01:21","slug":"data-protection","status":"publish","type":"page","link":"https:\/\/www.viewpoint-europe.com\/en\/data-protection\/","title":{"rendered":"Data protection"},"content":{"rendered":"<div class=\"fusion-fullwidth fullwidth-box fusion-builder-row-1 nonhundred-percent-fullwidth non-hundred-percent-height-scrolling\" style=\"--awb-border-radius-top-left:0px;--awb-border-radius-top-right:0px;--awb-border-radius-bottom-right:0px;--awb-border-radius-bottom-left:0px;--awb-flex-wrap:wrap;\" ><div class=\"fusion-builder-row fusion-row\"><div class=\"fusion-layout-column fusion_builder_column fusion-builder-column-0 fusion_builder_column_1_1 1_1 fusion-one-full fusion-column-first fusion-column-last\" style=\"--awb-bg-size:cover;\"><div class=\"fusion-column-wrapper fusion-flex-column-wrapper-legacy\"><div class=\"fusion-text fusion-text-1\"><h1>Data protection<\/h1>\n<h4>(currently in german only)<\/h4>\n<h2>Verantwortliche<\/h2>\n<p>Diese Datenschutzerkl\u00e4rung gilt f\u00fcr die Verarbeitung der personenbezogenen Daten durch die Verantwortliche<\/p>\n<p>Viewpoint Europe Gesellschaft f\u00fcr Marketing- und Meinungsumfragen mbH, vertreten durch die Gesch\u00e4ftsf\u00fchrer Joachim Zeunges und Stephan Altm\u00fcller,<br \/>\nSpringeltwiete 2<br \/>\n20095 Hamburg<\/p>\n<p>Tel.: 0049 40 36 98 28-0<br \/>\nMail: hamburg@viewpoint-europe.com<\/p>\n<h2>Genereller Umfang der Datenverarbeitung<\/h2>\n<p>Datenschutz nimmt einen hohen Stellenwert in unserer Gesellschaft ein. Wir richten uns nach der Datenschutzgrundverordnung (DSGVO), welche die Verarbeitung personenbezogener Daten einheitlich f\u00fcr die gesamte Europ\u00e4ische Union regelt und andere nationale Datenschutzgesetze der Mitgliedsstaaten sowie sonstiger datenschutzrechtlicher Bestimmungen. Wir erheben, verarbeiten und nutzen personenbezogene Daten grunds\u00e4tzlich nur, soweit dies zur Bereitstellung einer funktionsf\u00e4higen Website sowie f\u00fcr die Darstellung unserer Angebote und Erbringung unserer Leistungen erforderlich ist.<\/p>\n<p>Sie als Nutzer k\u00f6nnen unsere Webseiten grunds\u00e4tzlich besuchen, ohne Angaben zu Ihrer Person zu machen. Personenbezogene Daten werden nur erhoben und verwendet, soweit dies zur Bereitstellung einer funktionsf\u00e4higen Website sowie unserer Inhalte und Leistungen erforderlich ist. Die Erhebung und Verwendung Ihrer personenbezogener Daten erfolgt grunds\u00e4tzlich nur nach Ihrer Einwilligung. Eine Ausnahme gilt in solchen F\u00e4llen, in denen eine vorherige Einholung einer Einwilligung aus tats\u00e4chlichen Gr\u00fcnden nicht m\u00f6glich ist oder die Erhebung und Verarbeitung der Daten durch gesetzliche Vorschriften gestattet ist.<\/p>\n<p>Aus Sicherheitsgr\u00fcnden verwenden wir auf unserer Website ein SSL Zertifikat zum Bereitstellen sicherer Verbindungen durch Verschl\u00fcsselung s\u00e4mtlichen ein- und ausgehenden Datenverkehrs. Die Verschl\u00fcsselung erkennen Sie an dem Schloss-Symbol in Ihrer Browserzeile und daran, dass dort \u201ehttps:\/\/\u201c angezeigt wird.<\/p>\n<h2>Name und Anschrift des Datenschutzbeauftragten<\/h2>\n<p>Der Datenschutzbeauftragte des Verantwortlichen ist:<\/p>\n<p>Oliver Philipp<br \/>\nE-Mail: <a href=\"mailto:Oliver.Philipp@viewpoint-europe.com\">Oliver.Philipp@viewpoint-europe.com<\/a><\/p>\n<h2>Allgemeine Rechtsgrundlagen f\u00fcr die Verarbeitung personenbezogener Daten<\/h2>\n<p>Soweit wir f\u00fcr Verarbeitungsvorg\u00e4nge personenbezogener Daten eine Einwilligung der betroffenen Person einholen, ist Art. 6 Abs. 1 lit. a EU-Datenschutzgrundverordnung (DSGVO) Rechtsgrundlage f\u00fcr die Verarbeitung personenbezogener Daten.<\/p>\n<p>Bei der Verarbeitung von personenbezogenen Daten, die zur Erf\u00fcllung eines Vertrages, dessen Vertragspartei die betroffene Person ist, erforderlich ist, ist Art. 6 Abs. 1 lit. b DSGVO Rechtsgrundlage. Dies gilt auch f\u00fcr Verarbeitungsvorg\u00e4nge, die zur Durchf\u00fchrung vorvertraglicher Ma\u00dfnahmen erforderlich sind.<\/p>\n<p>Soweit eine Verarbeitung personenbezogener Daten zur Erf\u00fcllung einer rechtlichen Verpflichtung erforderlich ist, der wir unterliegen, ist Art. 6 Abs. 1 lit. c DSGVO Rechtsgrundlage.<\/p>\n<p>F\u00fcr den Fall, dass lebenswichtige Interessen der betroffenen Person oder einer anderen nat\u00fcrlichen Person eine Verarbeitung personenbezogener Daten erforderlich machen, ist Art. 6 Abs. 1 lit. d DSGVO Rechtsgrundlage.<\/p>\n<p>Dient die erforderliche Verarbeitung der Wahrung unserer berechtigten Interesses oder eines Dritten und \u00fcberwiegen die Interessen, Grundrechte und Grundfreiheiten des Betroffenen das erstgenannte Interesse nicht, so ist Art. 6 Abs. 1 lit. f DSGVO Rechtsgrundlage f\u00fcr die Verarbeitung.<\/p>\n<h2>Datenl\u00f6schung und Speicherdauer<\/h2>\n<p>Ihre von uns gespeicherten personenbezogenen Daten werden gel\u00f6scht oder gesperrt, sobald der Zweck der Speicherung entf\u00e4llt. Eine Speicherung kann dar\u00fcber hinaus dann erfolgen, wenn dies durch den europ\u00e4ischen oder nationalen Gesetzgeber in unionsrechtlichen Verordnungen, Gesetzen oder sonstigen Vorschriften, denen wir unterliegt, vorgesehen wurde, z.B. aufgrund von steuer- und handelsrechtlichen Aufbewahrungs- und Dokumentationspflichten. Eine Sperrung oder L\u00f6schung der Daten erfolgt auch dann, wenn eine durch die genannten Normen vorgeschriebene Speicherfrist abl\u00e4uft, es sei denn, dass eine Erforderlichkeit zur weiteren Speicherung der Daten f\u00fcr einen Vertragsabschluss oder eine Vertragserf\u00fcllung besteht.<\/p>\n<h2>Erfassung technischer Zugriffsdaten, Server-Logfiles<\/h2>\n<p>Bei jedem Aufruf unserer Internetseiten erfasst unser Webserver automatisiert Daten und Informationen vom Computersystem des von Ihnen verwendeten, aufrufenden Computers. Folgende Daten werden hierbei erhoben:<\/p>\n<ul>\n<li>Browsername und verwendete Version<\/li>\n<li>verwendetes Betriebssystem und dessen Aufl\u00f6sung<\/li>\n<li>Internet-Service-Provider<\/li>\n<li>IP-Adresse<\/li>\n<li>Datum und Uhrzeit des Zugriffs<\/li>\n<li>Menge der gesendeten Daten<\/li>\n<li>Website, von der Sie auf unsere Website gelangen (Referrer-URL)<\/li>\n<li>Name und URL der \u00fcber unsere Website aufgerufen Dateien<\/li>\n<li>Zeitzonendifferenz<\/li>\n<li>Standortdaten<\/li>\n<\/ul>\n<p>Die Daten werden tempor\u00e4r in den Logfiles des von uns genutzten Webservers gespeichert. Eine Speicherung dieser Daten zusammen mit anderen Ihrer personenbezogenen Daten findet nicht statt. Ihre Daten k\u00f6nnen von uns keinen bestimmten Personen zugeordnet werden. Wir verwenden diese technischen Protokolldaten nur zu statistischen Zwecken und zur Optimierung unserer Website und deren Sicherheit. Rechtsgrundlage f\u00fcr die vor\u00fcbergehende Speicherung der Daten und der Logfiles ist Art. 6 Abs. 1 lit. f DSGVO.<\/p>\n<p>Die vor\u00fcbergehende Speicherung der IP-Adresse durch unseren Webserver ist notwendig, um eine Auslieferung der jeweils aufgerufenen Webseiten an Ihren Computer zu erm\u00f6glichen. Hierf\u00fcr muss die IP-Adresse des aufrufenden Computers f\u00fcr die Dauer der Sitzung gespeichert bleiben. Die Speicherung in Logfiles erfolgt, um die Funktionsf\u00e4higkeit der Website sicherzustellen. Zudem dienen uns die Daten zur Optimierung der Website und zur Sicherstellung der Sicherheit unserer informationstechnischen Systeme. Eine Auswertung der Daten zu Marketingzwecken findet in diesem Zusammenhang nicht statt. In den vorstehenden Zwecken liegt auch unser berechtigtes Interesse an der Datenverarbeitung nach Art. 6 Abs. 1 lit. f DSGVO.<\/p>\n<p>Die gespeicherten Daten werden gel\u00f6scht, sobald sie f\u00fcr die Erreichung des Zweckes ihrer Erhebung nicht mehr erforderlich sind. Dies erfolgt in der Regel nach sieben Tagen. Die Erfassung der Daten zur Bereitstellung der Website und die Speicherung der Daten in Logfiles ist f\u00fcr den Betrieb der Internetseite zwingend erforderlich. Es besteht daher keine Widerspruchs- und Beseitigungsm\u00f6glichkeit Ihrerseits.<\/p>\n<h2>Weitergabe an Dritte<\/h2>\n<p>Teilweise bedienen wir uns zur Verarbeitung Ihrer Daten externer Dienstleister. Diese wurden von uns sorgf\u00e4ltig ausgew\u00e4hlt und beauftragt, sind an unsere Weisungen gebunden und werden regelm\u00e4\u00dfig kontrolliert.<\/p>\n<p>Weiterhin k\u00f6nnen wir Ihre personenbezogenen Daten an Dritte weitergeben, wenn Vertragsabschl\u00fcsse oder \u00e4hnliche Leistungen von uns gemeinsam mit Partnern angeboten werden. N\u00e4here Informationen hierzu erhalten Sie bei Angabe Ihrer personenbezogenen Daten.<\/p>\n<p>Soweit unsere Dienstleister oder Partner ihren Sitz in einem Staat au\u00dferhalb des Europ\u00e4ischen Wirtschaftsraumes (EWR) haben, informieren wir Sie \u00fcber die Folgen dieses Umstands in der Beschreibung des Angebotes.<\/p>\n<h2>Verwendung von Cookies<\/h2>\n<p>Wir verwenden auf unserer Website \u201eCookies\u201c. Bei \u201eCookies\u201c handelt es sich um Textdateien, die im Internetbrowser bzw. vom Internetbrowser auf dem aufrufenden Computersystem gespeichert werden. Rufen Sie eine Website auf, so kann ein Cookie auf dem Betriebssystem des von Ihnen verwendeten Computers gespeichert werden. Dieser Cookie enth\u00e4lt eine charakteristische Zeichenfolge, die eine eindeutige Identifizierung des Browsers beim erneuten Aufrufen der Website erm\u00f6glicht.<\/p>\n<p>Diese Website nutzt transiente Cookies. Sie werden automatisiert gel\u00f6scht, wenn Sie den Browser schlie\u00dfen. Dazu z\u00e4hlen insbesondere die Session-Cookies. Diese speichern eine sogenannte Session-ID, mit welcher sich verschiedene Anfragen Ihres Browsers der gemeinsamen Sitzung zuordnen lassen. Dadurch kann Ihr Rechner wiedererkannt werden, wenn Sie auf unsere Website zur\u00fcckkehren. Die Session-Cookies werden gel\u00f6scht, wenn Sie sich ausloggen oder den Browser schlie\u00dfen.<\/p>\n<p>Der Zweck der Verwendung von Cookies ist, die Nutzung von Websites f\u00fcr Sie zu vereinfachen. Einige Funktionen unserer Website k\u00f6nnen ohne den Einsatz von Cookies nicht angeboten werden. F\u00fcr diese ist es erforderlich, dass der Browser auch nach einem Seitenwechsel wiedererkannt wird, z.B. Log-In-Informationen. Die durch technisch notwendige Cookies erhobenen Nutzerdaten werden nicht zur Erstellung von Nutzerprofilen verwendet. Die durch Cookies verarbeiteten Daten sind f\u00fcr die genannten Zwecke zur Wahrung unserer berechtigten Interessen an einer kundenfreundlichen Websitegestaltung nach Art. 6 Abs. 1 S. 1 lit. f DSGVO erforderlich.<\/p>\n<p>Cookies werden auf Ihrem Computer gespeichert und von diesem an unsere Website \u00fcbermittelt. Daher haben Sie als Nutzer auch die volle Kontrolle \u00fcber die Verwendung von Cookies. Durch eine \u00c4nderung der Einstellungen in Ihrem Internetbrowser k\u00f6nnen Sie die \u00dcbertragung von Cookies deaktivieren oder einschr\u00e4nken. Bereits gespeicherte Cookies k\u00f6nnen jederzeit gel\u00f6scht werden. Dies kann je nach Browser gegebenenfalls auch automatisiert erfolgen. Einstellungsm\u00f6glichkeiten f\u00fcr die g\u00e4ngigsten Browser finden Sie unter den folgenden Links:<\/p>\n<p>Chrome: https:\/\/support.google.com\/chrome\/answer\/95647?hl=de&amp;hlrm=en<br \/>\nFirefox: https:\/\/support.mozilla.org\/de\/kb\/cookies-erlauben-und-ablehnen<br \/>\nInternet Explorer: https:\/\/support.microsoft.com\/de-de\/help\/17442\/windows-internet-explorer-delete-manage-cookies<br \/>\nSafari: https:\/\/support.apple.com\/kb\/ph21411?locale=de_DE<br \/>\nOpera: http:\/\/help.opera.com\/Windows\/10.20\/de\/cookies.html<br \/>\nMicrosoft Edge: https:\/\/support.microsoft.com\/de-de\/help\/10607\/microsoft-edge-view-delete-browser-history<\/p>\n<p>Werden Cookies f\u00fcr unsere Website deaktiviert, k\u00f6nnen m\u00f6glicherweise nicht mehr alle Funktionen der Website vollumf\u00e4nglich genutzt werden.<\/p>\n<h2>E-Mail-Kontakt<\/h2>\n<p>Wenn Sie uns per E-Mail kontaktieren, werden zur Bearbeitung der Kontaktaufnahme nur die von Ihnen mit der E-Mail \u00fcbermittelten personenbezogenen Daten gespeichert. In keinem Fall erfolgt eine Weitergabe Ihrer Daten an Dritte. Ihre Daten werden ausschlie\u00dflich f\u00fcr die bezweckte Kommunikation verwendet. Rechtsgrundlage f\u00fcr die Verarbeitung der Daten bei Vorliegen Ihrer Einwilligung ist Art. 6 Abs. 1 lit. a DSGVO. Rechtsgrundlage f\u00fcr die Verarbeitung von personenbezogenen Daten, die Sie uns per E-Mail \u00fcbermittelt haben, ist Art. 6 Abs. 1 lit. f DSGVO. Zielt der E-Mail-Kontakt auf den Abschluss eines Vertrages ab, so ist zus\u00e4tzliche Rechtsgrundlage f\u00fcr die Verarbeitung Art. 6 Abs. 1 lit. b DSGVO.<\/p>\n<p>Die Daten werden gel\u00f6scht, sobald sie f\u00fcr die Erreichung des Zweckes ihrer Erhebung nicht mehr erforderlich sind. Wir schr\u00e4nken die Verarbeitung ein, falls gesetzliche Aufbewahrungspflichten bestehen. F\u00fcr die personenbezogenen Daten, die uns per E-Mail \u00fcbersandt wurden, bedeutet dies:<\/p>\n<p>Schlie\u00dfen Sie mit uns einen Vertrag, ist eine Verarbeitung der personenbezogenen Daten nicht mehr erforderlich, wenn die Pflichten aus dem Vertrag, der mit Ihnen geschlossen wurde, erf\u00fcllt sind. Bei einigen E-Mails bestehen dar\u00fcber hinaus gesetzliche Aufbewahrungspflichten oder sie dienen zur Abwehr oder Geltendmachung von Anspr\u00fcchen. In diesen F\u00e4llen schr\u00e4nken wir die Verarbeitung ein und l\u00f6schen die Daten nach Ablauf der gesetzlichen Fristen oder wenn der Rechtstreit beendet ist. Schlie\u00dfen Sie mit uns keinen Vertrag, werden die personenbezogenen Daten gel\u00f6scht, wenn sich aus den Umst\u00e4nden entnehmen l\u00e4sst, dass der betroffene Sachverhalt abschlie\u00dfend gekl\u00e4rt ist.<\/p>\n<p>Soweit Sie keinen Vertrag mit uns geschlossen haben, haben Sie jederzeit die M\u00f6glichkeit, Ihre Einwilligung zur Verarbeitung der personenbezogenen Daten zu widerrufen. Haben Sie per E-Mail Kontakt mit uns aufgenommen, k\u00f6nnen Sie der Speicherung Ihrer personenbezogenen Daten jederzeit widersprechen. Der Widerruf kann z.B. durch \u00dcbersendung einer Widerrufs-E-Mail oder per Brief an unsere aus dem Impressum ersichtlichen Kontaktadressen erfolgen. Alle personenbezogenen Daten, die im Zuge der Kontaktaufnahme gespeichert wurden, werden dann gel\u00f6scht.<\/p>\n<h2>Rechte der betroffenen Person<\/h2>\n<p>Werden personenbezogene Daten von Ihnen verarbeitet, sind Sie Betroffener i.S.d. DSGVO und es stehen Ihnen folgende Rechte gegen\u00fcber dem Verantwortlichen zu:<\/p>\n<p><em>Auskunftsrecht (Art. 15 DSGVO)<\/em><br \/>\nSie k\u00f6nnen von uns als dem Verantwortlichen eine Best\u00e4tigung dar\u00fcber verlangen, ob personenbezogene Daten, die Sie betreffen, von uns verarbeitet werden.<\/p>\n<p>Im Falle der Verarbeitung, k\u00f6nnen Sie von uns folgende Informationen verlangen: die Zwecke, zu denen die personenbezogenen Daten verarbeitet werden; die Kategorien von personenbezogenen Daten, welche verarbeitet werden; die Empf\u00e4nger bzw. die Kategorien von Empf\u00e4ngern, gegen\u00fcber denen die Sie betreffenden personenbezogenen Daten offengelegt wurden oder noch offengelegt werden; die geplante Dauer der Speicherung der Sie betreffenden personenbezogenen Daten oder, falls konkrete Angaben hierzu nicht m\u00f6glich sind, Kriterien f\u00fcr die Festlegung der Speicherdauer; das Bestehen eines Rechts auf Berichtigung oder L\u00f6schung der Sie betreffenden personenbezogenen Daten, eines Rechts auf Einschr\u00e4nkung der Verarbeitung durch den Verantwortlichen oder eines Widerspruchsrechts gegen diese Verarbeitung; das Bestehen eines Beschwerderechts bei einer Aufsichtsbeh\u00f6rde; alle verf\u00fcgbaren Informationen \u00fcber die Herkunft der Daten, wenn die personenbezogenen Daten nicht bei der betroffenen Person erhoben werden; das Bestehen einer automatisierten Entscheidungsfindung einschlie\u00dflich Profiling gem\u00e4\u00df Art. 22 Abs. 1 und 4 DSGVO und \u2013 zumindest in diesen F\u00e4llen \u2013 aussagekr\u00e4ftige Informationen \u00fcber die involvierte Logik sowie die Tragweite und die angestrebten Auswirkungen einer derartigen Verarbeitung f\u00fcr die betroffene Person. Ihnen steht ferner das Recht zu, Auskunft dar\u00fcber zu verlangen, ob die Sie betreffenden personenbezogenen Daten in ein Drittland oder an eine internationale Organisation \u00fcbermittelt werden. In diesem Zusammenhang k\u00f6nnen Sie verlangen, \u00fcber die geeigneten Garantien gem. Art. 46 DSGVO im Zusammenhang mit der \u00dcbermittlung unterrichtet zu werden.<\/p>\n<p><em>Recht auf Berichtigung (Art. 16 DSGVO)<\/em><br \/>\nSie haben ein Recht auf unverz\u00fcgliche Berichtigung und\/oder Vervollst\u00e4ndigung gegen\u00fcber dem Verantwortlichen, sofern die verarbeiteten personenbezogenen Daten, die Sie betreffen, unrichtig oder unvollst\u00e4ndig sind.<\/p>\n<p><em>Recht auf L\u00f6schung (Art. 17 DSGVO)<\/em><br \/>\nSie k\u00f6nnen von uns als dem Verantwortlichen verlangen, dass die Sie betreffenden personenbezogenen Daten unverz\u00fcglich gel\u00f6scht werden. In diesem Fall sind wir verpflichtet, diese Daten unverz\u00fcglich zu l\u00f6schen, sofern einer der folgenden Gr\u00fcnde zutrifft: (1) Die Sie betreffenden personenbezogenen Daten sind f\u00fcr die Zwecke, f\u00fcr die sie erhoben oder auf sonstige Weise verarbeitet wurden, nicht mehr notwendig.(2) Sie widerrufen Ihre Einwilligung, auf die sich die Verarbeitung gem. Art. 6 Abs. 1 lit. a oder Art. 9 Abs. 2 lit. a DSGVO st\u00fctzte, und es fehlt an einer anderweitigen Rechtsgrundlage f\u00fcr die Verarbeitung. (3) Sie legen gem. Art. 21 Abs. 1 DSGVO Widerspruch gegen die Verarbeitung ein und es liegen keine vorrangigen berechtigten Gr\u00fcnde f\u00fcr die Verarbeitung vor, oder Sie legen gem. Art. 21 Abs. 2 DSGVO Widerspruch gegen die Verarbeitung ein. (4) Die Sie betreffenden personenbezogenen Daten wurden unrechtm\u00e4\u00dfig verarbeitet. (5) Die L\u00f6schung der Sie betreffenden personenbezogenen Daten ist zur Erf\u00fcllung einer rechtlichen Verpflichtung nach dem Unionsrecht oder dem Recht der Mitgliedstaaten erforderlich, dem der Verantwortliche unterliegt. (6) Die Sie betreffenden personenbezogenen Daten wurden in Bezug auf angebotene Dienste der Informationsgesellschaft gem\u00e4\u00df Art. 8 Abs. 1 DSGVO erhoben.<\/p>\n<p>Haben wir die Sie betreffenden personenbezogenen Daten \u00f6ffentlich gemacht und sind wir gem. Art. 17 Abs. 1 DSGVO zu deren L\u00f6schung verpflichtet, so treffen wir unter Ber\u00fccksichtigung der verf\u00fcgbaren Technologie und der Implementierungskosten angemessene Ma\u00dfnahmen, auch technischer Art, um f\u00fcr die Datenverarbeitung Verantwortliche, die die personenbezogenen Daten verarbeiten, dar\u00fcber zu informieren, dass Sie als betroffene Person von uns die L\u00f6schung aller Links zu diesen personenbezogenen Daten oder von Kopien oder Replikationen dieser personenbezogenen Daten verlangt haben.<\/p>\n<p>Das Recht auf L\u00f6schung besteht nicht, soweit die Verarbeitung erforderlich ist (1) zur Aus\u00fcbung des Rechts auf freie Meinungs\u00e4u\u00dferung und Information; (2) zur Erf\u00fcllung einer rechtlichen Verpflichtung, die die Verarbeitung nach dem Recht der Union oder der Mitgliedstaaten, dem der Verantwortliche unterliegt, erfordert, oder zur Wahrnehmung einer Aufgabe, die im \u00f6ffentlichen Interesse liegt oder in Aus\u00fcbung \u00f6ffentlicher Gewalt erfolgt, die dem Verantwortlichen \u00fcbertragen wurde; (3) aus Gr\u00fcnden des \u00f6ffentlichen Interesses im Bereich der \u00f6ffentlichen Gesundheit gem\u00e4\u00df Art. 9 Abs. 2 lit. h und i sowie Art. 9 Abs. 3 DSGVO; (4) f\u00fcr im \u00f6ffentlichen Interesse liegende Archivzwecke, wissenschaftliche oder historische Forschungszwecke oder f\u00fcr statistische Zwecke gem. Art. 89 Abs. 1 DSGVO, soweit das unter Abschnitt a) genannte Recht voraussichtlich die Verwirklichung der Ziele dieser Verarbeitung unm\u00f6glich macht oder ernsthaft beeintr\u00e4chtigt, oder (5) zur Geltendmachung, Aus\u00fcbung oder Verteidigung von Rechtsanspr\u00fcchen.<\/p>\n<p><em>Recht auf Einschr\u00e4nkung der Verarbeitung (Art. 18 DSGVO)<\/em><br \/>\nUnter den folgenden Voraussetzungen k\u00f6nnen Sie die Einschr\u00e4nkung der Verarbeitung der Sie betreffenden personenbezogenen Daten verlangen: wenn Sie die Richtigkeit der Sie betreffenden personenbezogenen f\u00fcr eine Dauer bestreiten, die es dem Verantwortlichen erm\u00f6glicht, die Richtigkeit der personenbezogenen Daten zu \u00fcberpr\u00fcfen; die Verarbeitung unrechtm\u00e4\u00dfig ist und Sie die L\u00f6schung der personenbezogenen Daten ablehnen und stattdessen die Einschr\u00e4nkung der Nutzung der personenbezogenen Daten verlangen; der Verantwortliche die personenbezogenen Daten f\u00fcr die Zwecke der Verarbeitung nicht l\u00e4nger ben\u00f6tigt, Sie diese jedoch zur Geltendmachung, Aus\u00fcbung oder Verteidigung von Rechtsanspr\u00fcchen ben\u00f6tigen, oder wenn Sie Widerspruch gegen die Verarbeitung gem\u00e4\u00df Art. 21 Abs. 1 DSGVO eingelegt haben und noch nicht feststeht, ob die berechtigten Gr\u00fcnde des Verantwortlichen gegen\u00fcber Ihren Gr\u00fcnden \u00fcberwiegen.<\/p>\n<p>Wurde die Verarbeitung der Sie betreffenden personenbezogenen Daten eingeschr\u00e4nkt, d\u00fcrfen diese Daten \u2013 von ihrer Speicherung abgesehen \u2013 nur mit Ihrer Einwilligung oder zur Geltendmachung, Aus\u00fcbung oder Verteidigung von Rechtsanspr\u00fcchen oder zum Schutz der Rechte einer anderen nat\u00fcrlichen oder juristischen Person oder aus Gr\u00fcnden eines wichtigen \u00f6ffentlichen Interesses der Union oder eines Mitgliedstaats verarbeitet werden. Wurde die Einschr\u00e4nkung der Verarbeitung nach den o.g. Voraussetzungen eingeschr\u00e4nkt, werden Sie von dem Verantwortlichen unterrichtet, bevor die Einschr\u00e4nkung aufgehoben wird.<\/p>\n<p><em>Recht auf Unterrichtung (Art. 19 DSGVO)<\/em><br \/>\nHaben Sie das Recht auf Berichtigung, L\u00f6schung oder Einschr\u00e4nkung der Verarbeitung gegen\u00fcber dem Verantwortlichen geltend gemacht, ist dieser verpflichtet, allen Empf\u00e4ngern, denen die Sie betreffenden personenbezogenen Daten offengelegt wurden, diese Berichtigung oder L\u00f6schung der Daten oder Einschr\u00e4nkung der Verarbeitung mitzuteilen, es sei denn, dies erweist sich als unm\u00f6glich oder ist mit einem unverh\u00e4ltnism\u00e4\u00dfigen Aufwand verbunden. Ihnen steht gegen\u00fcber dem Verantwortlichen das Recht zu, \u00fcber diese Empf\u00e4nger unterrichtet zu werden.<\/p>\n<p><em>Recht auf Daten\u00fcbertragbarkeit (Art. 29 DSGVO)<\/em><br \/>\nSie haben das Recht, die Sie betreffenden personenbezogenen Daten, die Sie dem Verantwortlichen bereitgestellt haben, in einem strukturierten, g\u00e4ngigen und maschinenlesbaren Format zu erhalten. Au\u00dferdem haben Sie das Recht, diese Daten einem anderen Verantwortlichen ohne Behinderung durch den Verantwortlichen, dem die personenbezogenen Daten bereitgestellt wurden, zu \u00fcbermitteln, sofern (1) die Verarbeitung auf einer Einwilligung gem. Art. 6 Abs. 1 lit. a DSGVO oder Art. 9 Abs. 2 lit. a DSGVO oder auf einem Vertrag gem. Art. 6 Abs. 1 lit. b DSGVO beruht und (2) die Verarbeitung mithilfe automatisierter Verfahren erfolgt.<\/p>\n<p>In Aus\u00fcbung dieses Rechts haben Sie ferner das Recht, zu erwirken, dass die Sie betreffenden personenbezogenen Daten direkt von einem Verantwortlichen einem anderen Verantwortlichen \u00fcbermittelt werden, soweit dies technisch machbar ist. Freiheiten und Rechte anderer Personen d\u00fcrfen hierdurch nicht beeintr\u00e4chtigt werden. Das Recht auf Daten\u00fcbertragbarkeit gilt nicht f\u00fcr eine Verarbeitung personenbezogener Daten, die f\u00fcr die Wahrnehmung einer Aufgabe erforderlich ist, die im \u00f6ffentlichen Interesse liegt oder in Aus\u00fcbung \u00f6ffentlicher Gewalt erfolgt, die dem Verantwortlichen \u00fcbertragen wurde.<\/p>\n<h2>Widerspruchsrecht<\/h2>\n<p>Sie haben das Recht, aus Gr\u00fcnden, die sich aus Ihrer besonderen Situation ergeben, jederzeit gegen die Verarbeitung der Sie betreffenden personenbezogenen Daten, die aufgrund von Art. 6 Abs. 1 lit. e oder f DSGVO erfolgt, Widerspruch einzulegen; dies gilt auch f\u00fcr ein auf diese Bestimmungen gest\u00fctztes Profiling.<\/p>\n<p>Machen Sie von Ihrem Widerspruchsrecht Gebrauch, verarbeiten wir die Sie betreffenden personenbezogenen Daten nicht mehr, es sei denn, wir k\u00f6nnen zwingende schutzw\u00fcrdige Gr\u00fcnde f\u00fcr die Verarbeitung nachweisen, die Ihre Interessen, Rechte und Freiheiten \u00fcberwiegen, oder die Verarbeitung dient der Geltendmachung, Aus\u00fcbung oder Verteidigung von Rechtsanspr\u00fcchen.<\/p>\n<p>Werden Ihre personenbezogenen Daten verarbeitet, um Direktwerbung zu betreiben, haben Sie das Recht, jederzeit Widerspruch gegen die Verarbeitung der Sie betreffenden personenbezogenen Daten zum Zwecke derartiger Werbung einzulegen; dies gilt auch f\u00fcr das Profiling, soweit es mit solcher Direktwerbung in Verbindung steht. Widersprechen Sie der Verarbeitung f\u00fcr Zwecke der Direktwerbung, so werden die Sie betreffenden personenbezogenen Daten nicht mehr f\u00fcr diese Zwecke verarbeitet.<\/p>\n<p>Sie haben die M\u00f6glichkeit, im Zusammenhang mit der Nutzung von Diensten der Informationsgesellschaft \u2013 ungeachtet der Richtlinie 2002\/58\/EG \u2013 Ihr Widerspruchsrecht mittels automatisierter Verfahren auszu\u00fcben, bei denen technische Spezifikationen verwendet werden.<\/p>\n<h3>Recht auf Widerruf der datenschutzrechtlichen Einwilligungserkl\u00e4rung<\/h3>\n<p>Sie haben das Recht, Ihre datenschutzrechtliche Einwilligungserkl\u00e4rung jederzeit zu widerrufen. Durch den Widerruf der Einwilligung wird die Rechtm\u00e4\u00dfigkeit der aufgrund der Einwilligung bis zum Widerruf erfolgten Verarbeitung nicht ber\u00fchrt.<\/p>\n<h3>Recht auf Beschwerde bei einer Aufsichtsbeh\u00f6rde<\/h3>\n<p>Unbeschadet eines anderweitigen verwaltungsrechtlichen oder gerichtlichen Rechtsbehelfs steht Ihnen das Recht auf Beschwerde bei einer Aufsichtsbeh\u00f6rde, insbesondere in dem Mitgliedstaat ihres Aufenthaltsorts, ihres Arbeitsplatzes oder des Orts des mutma\u00dflichen Versto\u00dfes, zu, wenn Sie der Ansicht sind, dass die Verarbeitung der Sie betreffenden personenbezogenen Daten gegen die DSGVO verst\u00f6\u00dft. Die Aufsichtsbeh\u00f6rde, bei der die Beschwerde eingereicht wurde, unterrichtet den Beschwerdef\u00fchrer \u00fcber den Stand und die Ergebnisse der Beschwerde einschlie\u00dflich der M\u00f6glichkeit eines gerichtlichen Rechtsbehelfs nach Art. 78 DSGVO.<\/p>\n<h2>Nutzung von WPML<\/h2>\n<p>WPML (WordPress Multilingual Plugin) wird auf dieser Website verwendet, um mehrsprachige Inhalte bereitzustellen. Dabei speichert WPML die vom Nutzer gew\u00e4hlte Spracheinstellung in Cookies, um die Darstellung der Website entsprechend anzupassen.<\/p>\n<p>Erhobene Daten:<br \/>\n&#8211; Spracheinstellung des Nutzers<br \/>\n&#8211; IP-Adresse (falls erforderlich zur Sprachzuordnung)<br \/>\n&#8211; Cookies zur Speicherung der Sprachwahl<\/p>\n<p>Zweck der Verarbeitung:<br \/>\nDie Verarbeitung erfolgt zur Bereitstellung einer mehrsprachigen Website und zur Verbesserung der Nutzerfreundlichkeit. Rechtsgrundlage ist unser berechtigtes Interesse gem\u00e4\u00df Art. 6 Abs. 1 lit. f DSGVO.<\/p>\n<p>Speicherung &amp; Weitergabe:<br \/>\nDie Daten werden nur solange gespeichert, wie es f\u00fcr den Zweck erforderlich ist. WPML gibt keine personenbezogenen Daten an Dritte weiter.<\/p>\n<p>Ihre Rechte:<br \/>\nSie haben das Recht auf Auskunft, Berichtigung, L\u00f6schung, Einschr\u00e4nkung der Verarbeitung und Widerspruch. Kontaktieren Sie uns hierzu unter den im Impressum angegebenen Daten.<\/p>\n<h2>Einbindung von virtuellen Rundg\u00e4ngen (Omnia360)<\/h2>\n<p>Unsere Website nutzt virtuelle Rundg\u00e4nge des Anbieters Omnia360 (Omnia360 GmbH, Deutschland). Die virtuellen Touren werden \u00fcber externe Dienste wie Matterport oder MPskin bereitgestellt und direkt auf unserer Website eingebunden.<\/p>\n<p>Art und Zweck der Verarbeitung<br \/>\nDurch den Aufruf einer Seite mit eingebetteter virtueller Tour wird eine Verbindung zu den Servern des jeweiligen Anbieters hergestellt. Dabei k\u00f6nnen personenbezogene Daten der Nutzer verarbeitet werden, insbesondere:<\/p>\n<p>IP-Adresse<\/p>\n<p>Datum und Uhrzeit des Zugriffs<\/p>\n<p>Technische Informationen \u00fcber das verwendete Endger\u00e4t und den Browser<\/p>\n<p>Nutzungsdaten (z. B. Interaktionen mit der virtuellen Tour)<\/p>\n<p>Die Verarbeitung dieser Daten erfolgt, um die virtuelle Tour bereitzustellen und deren Funktionalit\u00e4t sicherzustellen.<\/p>\n<p>Rechtsgrundlage<br \/>\nDie Verarbeitung erfolgt auf Grundlage von Art. 6 Abs. 1 lit. f DSGVO (berechtigtes Interesse an der ansprechenden Darstellung unserer Online-Angebote). Falls Sie vor dem Laden der Tour um eine Einwilligung gebeten werden (z. B. durch ein Cookie-Banner), erfolgt die Verarbeitung auf Grundlage von Art. 6 Abs. 1 lit. a DSGVO (Einwilligung).<\/p>\n<p>Datenweitergabe und Empf\u00e4nger<br \/>\nDie Nutzung der virtuellen Touren kann dazu f\u00fchren, dass personenbezogene Daten an Drittanbieter wie Matterport, Inc. (USA) oder MPskin snc (Italien) weitergegeben werden. Diese Unternehmen haben eigene Datenschutzrichtlinien, auf die wir keinen Einfluss haben.<\/p>\n<p>Speicherdauer<br \/>\nWir speichern keine personenbezogenen Daten im Zusammenhang mit der Nutzung der virtuellen Touren. Die Speicherdauer der Daten durch die Drittanbieter entnehmen Sie bitte den jeweiligen Datenschutzrichtlinien:<\/p>\n<p>Matterport: https:\/\/matterport.com\/legal\/privacy-policy<\/p>\n<p>MPskin: https:\/\/mpskin.com\/privacy-policy<\/p>\n<p>Betroffenenrechte<br \/>\nSie haben das Recht auf Auskunft, Berichtigung, L\u00f6schung und Einschr\u00e4nkung der Verarbeitung Ihrer personenbezogenen Daten sowie das Recht auf Daten\u00fcbertragbarkeit. Sofern die Verarbeitung auf Ihrer Einwilligung beruht, k\u00f6nnen Sie diese jederzeit widerrufen.<\/p>\n<p>Weitere Informationen hierzu finden Sie in unserer allgemeinen Datenschutzerkl\u00e4rung oder in den Datenschutzrichtlinien der jeweiligen Drittanbieter.<\/p>\n<\/div><div class=\"fusion-clearfix\"><\/div><\/div><\/div><\/div><\/div>\n","protected":false},"excerpt":{"rendered":"","protected":false},"author":1,"featured_media":0,"parent":0,"menu_order":0,"comment_status":"closed","ping_status":"closed","template":"","meta":{"footnotes":""},"class_list":["post-673","page","type-page","status-publish","hentry"],"yoast_head":"<!-- This site is optimized with the Yoast SEO plugin v27.3 - https:\/\/yoast.com\/product\/yoast-seo-wordpress\/ -->\n<title>Data protection - Viewpoint Europe<\/title>\n<meta name=\"robots\" content=\"noindex, follow\" \/>\n<meta property=\"og:locale\" content=\"en_US\" \/>\n<meta property=\"og:type\" content=\"article\" \/>\n<meta property=\"og:title\" content=\"Data protection - Viewpoint Europe\" \/>\n<meta property=\"og:url\" content=\"https:\/\/www.viewpoint-europe.com\/en\/data-protection\/\" \/>\n<meta property=\"og:site_name\" content=\"Viewpoint Europe\" \/>\n<meta property=\"article:modified_time\" content=\"2025-03-25T09:01:21+00:00\" \/>\n<meta name=\"twitter:card\" content=\"summary_large_image\" \/>\n<meta name=\"twitter:label1\" content=\"Est. reading time\" \/>\n\t<meta name=\"twitter:data1\" content=\"18 minutes\" \/>\n<script type=\"application\/ld+json\" class=\"yoast-schema-graph\">{\"@context\":\"https:\\\/\\\/schema.org\",\"@graph\":[{\"@type\":\"WebPage\",\"@id\":\"https:\\\/\\\/www.viewpoint-europe.com\\\/en\\\/data-protection\\\/\",\"url\":\"https:\\\/\\\/www.viewpoint-europe.com\\\/en\\\/data-protection\\\/\",\"name\":\"Data protection - Viewpoint Europe\",\"isPartOf\":{\"@id\":\"https:\\\/\\\/www.viewpoint-europe.com\\\/#website\"},\"datePublished\":\"2018-06-08T14:27:41+00:00\",\"dateModified\":\"2025-03-25T09:01:21+00:00\",\"breadcrumb\":{\"@id\":\"https:\\\/\\\/www.viewpoint-europe.com\\\/en\\\/data-protection\\\/#breadcrumb\"},\"inLanguage\":\"en-US\",\"potentialAction\":[{\"@type\":\"ReadAction\",\"target\":[\"https:\\\/\\\/www.viewpoint-europe.com\\\/en\\\/data-protection\\\/\"]}]},{\"@type\":\"BreadcrumbList\",\"@id\":\"https:\\\/\\\/www.viewpoint-europe.com\\\/en\\\/data-protection\\\/#breadcrumb\",\"itemListElement\":[{\"@type\":\"ListItem\",\"position\":1,\"name\":\"Startseite\",\"item\":\"https:\\\/\\\/www.viewpoint-europe.com\\\/en\\\/\"},{\"@type\":\"ListItem\",\"position\":2,\"name\":\"Data protection\"}]},{\"@type\":\"WebSite\",\"@id\":\"https:\\\/\\\/www.viewpoint-europe.com\\\/#website\",\"url\":\"https:\\\/\\\/www.viewpoint-europe.com\\\/\",\"name\":\"Viewpoint Europe\",\"description\":\"Markforschungsinstitut\",\"potentialAction\":[{\"@type\":\"SearchAction\",\"target\":{\"@type\":\"EntryPoint\",\"urlTemplate\":\"https:\\\/\\\/www.viewpoint-europe.com\\\/?s={search_term_string}\"},\"query-input\":{\"@type\":\"PropertyValueSpecification\",\"valueRequired\":true,\"valueName\":\"search_term_string\"}}],\"inLanguage\":\"en-US\"}]}<\/script>\n<!-- \/ Yoast SEO plugin. -->","yoast_head_json":{"title":"Data protection - Viewpoint Europe","robots":{"index":"noindex","follow":"follow"},"og_locale":"en_US","og_type":"article","og_title":"Data protection - Viewpoint Europe","og_url":"https:\/\/www.viewpoint-europe.com\/en\/data-protection\/","og_site_name":"Viewpoint Europe","article_modified_time":"2025-03-25T09:01:21+00:00","twitter_card":"summary_large_image","twitter_misc":{"Est. reading time":"18 minutes"},"schema":{"@context":"https:\/\/schema.org","@graph":[{"@type":"WebPage","@id":"https:\/\/www.viewpoint-europe.com\/en\/data-protection\/","url":"https:\/\/www.viewpoint-europe.com\/en\/data-protection\/","name":"Data protection - Viewpoint Europe","isPartOf":{"@id":"https:\/\/www.viewpoint-europe.com\/#website"},"datePublished":"2018-06-08T14:27:41+00:00","dateModified":"2025-03-25T09:01:21+00:00","breadcrumb":{"@id":"https:\/\/www.viewpoint-europe.com\/en\/data-protection\/#breadcrumb"},"inLanguage":"en-US","potentialAction":[{"@type":"ReadAction","target":["https:\/\/www.viewpoint-europe.com\/en\/data-protection\/"]}]},{"@type":"BreadcrumbList","@id":"https:\/\/www.viewpoint-europe.com\/en\/data-protection\/#breadcrumb","itemListElement":[{"@type":"ListItem","position":1,"name":"Startseite","item":"https:\/\/www.viewpoint-europe.com\/en\/"},{"@type":"ListItem","position":2,"name":"Data protection"}]},{"@type":"WebSite","@id":"https:\/\/www.viewpoint-europe.com\/#website","url":"https:\/\/www.viewpoint-europe.com\/","name":"Viewpoint Europe","description":"Markforschungsinstitut","potentialAction":[{"@type":"SearchAction","target":{"@type":"EntryPoint","urlTemplate":"https:\/\/www.viewpoint-europe.com\/?s={search_term_string}"},"query-input":{"@type":"PropertyValueSpecification","valueRequired":true,"valueName":"search_term_string"}}],"inLanguage":"en-US"}]}},"_links":{"self":[{"href":"https:\/\/www.viewpoint-europe.com\/en\/wp-json\/wp\/v2\/pages\/673","targetHints":{"allow":["GET"]}}],"collection":[{"href":"https:\/\/www.viewpoint-europe.com\/en\/wp-json\/wp\/v2\/pages"}],"about":[{"href":"https:\/\/www.viewpoint-europe.com\/en\/wp-json\/wp\/v2\/types\/page"}],"author":[{"embeddable":true,"href":"https:\/\/www.viewpoint-europe.com\/en\/wp-json\/wp\/v2\/users\/1"}],"replies":[{"embeddable":true,"href":"https:\/\/www.viewpoint-europe.com\/en\/wp-json\/wp\/v2\/comments?post=673"}],"version-history":[{"count":9,"href":"https:\/\/www.viewpoint-europe.com\/en\/wp-json\/wp\/v2\/pages\/673\/revisions"}],"predecessor-version":[{"id":1523,"href":"https:\/\/www.viewpoint-europe.com\/en\/wp-json\/wp\/v2\/pages\/673\/revisions\/1523"}],"wp:attachment":[{"href":"https:\/\/www.viewpoint-europe.com\/en\/wp-json\/wp\/v2\/media?parent=673"}],"curies":[{"name":"wp","href":"https:\/\/api.w.org\/{rel}","templated":true}]}}